{"id":1327,"date":"2014-05-28T06:02:12","date_gmt":"2014-05-28T06:02:12","guid":{"rendered":"https:\/\/www.askurochembla.ax\/?page_id=1327"},"modified":"2022-05-12T12:17:05","modified_gmt":"2022-05-12T12:17:05","slug":"om-askur-embla","status":"publish","type":"page","link":"https:\/\/www.askurochembla.ax\/?page_id=1327","title":{"rendered":"Om Askur &#038; Embla"},"content":{"rendered":"<h1 style=\"text-align: left;\"><span style=\"color: #99cc00;\">Om\u00a0Askur &amp; Embla<\/span><\/h1>\n<p style=\"text-align: left;\"><strong>Askur &amp; Embla<\/strong><br \/>\nDalv\u00e4gen 2B, Ax-22150\u00a0Jomala\u00a0\u00c5land<\/p>\n<p style=\"text-align: left;\">Tel.+358(0)18-16 929<\/p>\n<p style=\"text-align: left;\">E-mail:<\/p>\n<p style=\"text-align: left;\">Askur &amp; Embla \u00e4r den \u00e5l\u00e4ndska \u00e5terf\u00f6rs\u00e4ljaren av Prolanas ekologiska s\u00e4ngtillbeh\u00f6r samt Hevea baby och Beco Things barntillbeh\u00f6r. Vi ut\u00f6kar sortimentet kontinuerligt.<\/p>\n<p>Id\u00e9n bakom Askur &amp; Embla \u00e4r tillg\u00e4nglighet till en ekologisk och giftfri vardag. Kemikalier och gifter som omger oss i v\u00e5r vardag b\u00f6r \u00e5tminstone elimineras i det intimaste rum i vilket vi spenderar s\u00e5 m\u00e5nga timmar i dygnet \u2013 sovrummet, och f\u00f6r de allra k\u00e4nsligaste av oss, dvs v\u00e5ra barn.<\/p>\n<p>Under den n\u00e4rmaste framtiden kommer vi att utg\u00e5ende fr\u00e5n efterfr\u00e5gan bredda v\u00e5rt sortiment. V\u00e5r str\u00e4van \u00e4r att allt som vi erbjuder ska vara biologisk nedbrytbart och kunna \u00e5terf\u00f6ras till det naturliga kretsloppet. Vi vill inte uppmana till \u00f6verkonsumtion utan snarare till val av produkter som underl\u00e4ttar omst\u00e4llningen fr\u00e5n en oljebaserad ekonomi till en f\u00f6rnyelsebar. V\u00e5rt sortiment reflekterar de varor som vi i v\u00e5rt eget sm\u00e5barnsliv anser n\u00f6dv\u00e4ndiga och praktiska!<\/p>\n<p style=\"text-align: left;\">All orsak f\u00f6r s\u00f6ta barn och sk\u00f6na gr\u00f6na dr\u00f6mmar!<\/p>\n<h2 style=\"text-align: left;\"><span style=\"color: #99cc00;\">Vem \u00e4r vi?<\/span><\/h2>\n<p>Vi som st\u00e5r bakom Askur &amp; Embla heter Petra och Palli. Vi \u00e4r \u00f6bor med en fot p\u00e5 \u00c5land och\u00a0en p\u00e5 Island. Petra \u00e4r \u00e5l\u00e4nning och Palli \u00e4r fr\u00e5n Island, tillsammans har vi v\u00e5ra sm\u00e5 rackarungar Elvar M\u00e1<br \/>\nni, 2 \u00e5r, och Sindri Freyr, 2 m\u00e5nader.<\/p>\n<p>Petra har varit milj\u00f6medveten sedan skogsmulle-tiden och <img loading=\"lazy\" decoding=\"async\" class=\"attachment-266x266 alignright\" src=\"http:\/\/www.askurochembla.ax\/wp-content\/uploads\/2014\/05\/MG_0502-768x512.jpg\" sizes=\"auto, (max-width: 266px) 100vw, 266px\" srcset=\"http:\/\/www.askurochembla.ax\/wp-content\/uploads\/2014\/05\/MG_0502-150x100.jpg 150w, http:\/\/www.askurochembla.ax\/wp-content\/uploads\/2014\/05\/MG_0502-300x200.jpg 300w, http:\/\/www.askurochembla.ax\/wp-content\/uploads\/2014\/05\/MG_0502-768x512.jpg 768w, http:\/\/www.askurochembla.ax\/wp-content\/uploads\/2014\/05\/MG_0502-1024x683.jpg 1024w\" alt=\"_MG_0502\" width=\"324\" height=\"216\" \/>barndomssomrarna i sk\u00e4rg\u00e5rden. Insikten om att milj\u00f6ns och v\u00e5r eget v\u00e4lm\u00e5ende \u00e4r n\u00e4ra sammanfl\u00e4tat utg\u00f6r grunden f\u00f6r v\u00e5r webbutik, Askur &amp; Embla. Varken milj\u00f6 eller m\u00e4nniskor m\u00e5r bra av f\u00f6r mycket kemikalier och gifter\u00a0i v\u00e5r omgivning. I synnerhet barnen \u00e4r utsatta f\u00f6r hormonst\u00f6rande \u00e4mnen och d\u00e4rf\u00f6r vill vi bidra till att giftminimera v\u00e5r omgivning!<\/p>\n<p>&nbsp;<\/p>\n<h2 style=\"text-align: left;\"><span style=\"color: #99cc00;\">Om m\u00e4rket Prolana<\/span><\/h2>\n<p style=\"text-align: left;\">I Sverige finns <a href=\"http:\/\/www.ekogrossisten.se\/\">Ekogrossisten<\/a> som genom <a href=\"http:\/\/www.groninterior.se\/\">Gr\u00f6n Interi\u00f6r<\/a> p\u00e5 S\u00f6der i Stockholm \u00e4r den huvudsakliga nordiska \u00e5terf\u00f6rs\u00e4ljaren. \u00c5l\u00e4nningar och finl\u00e4ndare som v\u00e4nder sig till Askur &amp; Embla f\u00e5r f\u00f6rm\u00e5nliga priser i euro och frakten ordnad utanf\u00f6r Sverige.<\/p>\n<p style=\"text-align: left;\">F\u00f6r en b\u00e4ttre s\u00f6mn och vila beh\u00f6ver vi naturliga material utan kemikalier som kan ha skadlig inverkan p\u00e5 v\u00e5ra och v\u00e5ra barns kroppar. Utbudet av helt naturliga och ekologiska s\u00e4ngmaterial i Norden \u00e4r \u00e4n s\u00e5 l\u00e4nge inte stort, men <a href=\"http:\/\/www.prolana.de\/\">Prolana<\/a>s produkter, h\u00e5llbart framst\u00e4llda i en by i s\u00f6dra Tyskland, \u00e4r certifierade med <a href=\"http:\/\/www.naturtextil.com\/\">IVN<\/a> och <a href=\"http:\/\/www.global-standard.org\/\">GOTS <\/a>standarder. IVN st\u00e5r f\u00f6r International Association of Natural Textile Industry och GOTS f\u00f6r Global Organic Textile Standard. H\u00e4rmed h\u00e5ller Prolanas produkter vad de lovar: garanterat ekologisk bomull, f\u00e5rull och naturlatex fr\u00e5n <a href=\"http:\/\/se.fsc.org\/\">FSC<\/a>-certifierade gummiplantage. D\u00e5 madrasserna testas av det tyska <a href=\"http:\/\/www.eco-institut.de\/en\/home\/\">ECO-institutet <\/a>och <a href=\"http:\/\/www.qul-ev.de\/index_eng.html\">QUL <\/a>(Quality Association for environmentally-agreeable latex mattresses) \u00e4r de ocks\u00e5 garanterat fria fr\u00e5n giftiga substanser.<\/p>\n<h2><span style=\"color: #99cc00;\">Om m\u00e4rket\u00a0BEcOThings<\/span><\/h2>\n<p>BEcOThings \u00e4r ett f\u00f6retag i Storbritannien som har antagit ett holistiskt syns\u00e4tt p\u00e5 baby- och barnprodukter- tanken om att du tillsammans med ditt barn ska kunna gr\u00e4va ner en potta n\u00e4r den \u00e4r f\u00e4rdigt anv\u00e4nd, s\u00e5 ett fr\u00f6, vattna och l\u00e5ta plantorna v\u00e4xa i jorden! Pottan komposteras \u00f6ver 3-5 \u00e5r. Ist\u00e4llet f\u00f6r konventionell plast \u00e4r Becogrejerna gjorda av naturfibrer fr\u00e5n bambu- och risskal blandat med k\u00e5da och naturgummi. Naturligtvis helt giftfritt.<\/p>\n<p>D\u00e4r f\u00f6r gillar vi Becos komposterbara potta, pall och barnk\u00e4rl! L\u00e4s mer om f\u00f6retaget och dess vision h\u00e4r: <a href=\"http:\/\/www.becobabies.com\/index.php\">http:\/\/www.becobabies.com\/index.php<\/a><\/p>\n","protected":false},"excerpt":{"rendered":"<p>Om\u00a0Askur &amp; Embla Askur &amp; Embla Dalv\u00e4gen 2B, Ax-22150\u00a0Jomala\u00a0\u00c5land Tel.+358(0)18-16 929 E-mail: Askur &amp; Embla \u00e4r den \u00e5l\u00e4ndska \u00e5terf\u00f6rs\u00e4ljaren av Prolanas ekologiska s\u00e4ngtillbeh\u00f6r samt Hevea baby och Beco Things barntillbeh\u00f6r. Vi ut\u00f6kar sortimentet kontinuerligt. Id\u00e9n bakom Askur &amp; Embla \u00e4r tillg\u00e4nglighet till en ekologisk och giftfri vardag. Kemikalier och gifter som omger oss i v\u00e5r [&hellip;]<\/p>\n","protected":false},"author":1,"featured_media":1621,"parent":25,"menu_order":0,"comment_status":"closed","ping_status":"closed","template":"","meta":{"footnotes":""},"class_list":["post-1327","page","type-page","status-publish","has-post-thumbnail","hentry"],"_links":{"self":[{"href":"https:\/\/www.askurochembla.ax\/index.php?rest_route=\/wp\/v2\/pages\/1327","targetHints":{"allow":["GET"]}}],"collection":[{"href":"https:\/\/www.askurochembla.ax\/index.php?rest_route=\/wp\/v2\/pages"}],"about":[{"href":"https:\/\/www.askurochembla.ax\/index.php?rest_route=\/wp\/v2\/types\/page"}],"author":[{"embeddable":true,"href":"https:\/\/www.askurochembla.ax\/index.php?rest_route=\/wp\/v2\/users\/1"}],"replies":[{"embeddable":true,"href":"https:\/\/www.askurochembla.ax\/index.php?rest_route=%2Fwp%2Fv2%2Fcomments&post=1327"}],"version-history":[{"count":12,"href":"https:\/\/www.askurochembla.ax\/index.php?rest_route=\/wp\/v2\/pages\/1327\/revisions"}],"predecessor-version":[{"id":2088,"href":"https:\/\/www.askurochembla.ax\/index.php?rest_route=\/wp\/v2\/pages\/1327\/revisions\/2088"}],"up":[{"embeddable":true,"href":"https:\/\/www.askurochembla.ax\/index.php?rest_route=\/wp\/v2\/pages\/25"}],"wp:featuredmedia":[{"embeddable":true,"href":"https:\/\/www.askurochembla.ax\/index.php?rest_route=\/wp\/v2\/media\/1621"}],"wp:attachment":[{"href":"https:\/\/www.askurochembla.ax\/index.php?rest_route=%2Fwp%2Fv2%2Fmedia&parent=1327"}],"curies":[{"name":"wp","href":"https:\/\/api.w.org\/{rel}","templated":true}]}}