{"id":931,"date":"2013-12-12T08:03:43","date_gmt":"2013-12-12T08:03:43","guid":{"rendered":"https:\/\/www.askurochembla.ax\/?page_id=931"},"modified":"2022-05-12T12:18:39","modified_gmt":"2022-05-12T12:18:39","slug":"kopvillkor","status":"publish","type":"page","link":"https:\/\/www.askurochembla.ax\/?page_id=931","title":{"rendered":"K\u00f6pvillkor"},"content":{"rendered":"<p><strong>Allm\u00e4nt<br \/>\n<\/strong>Merparten av inredningssortimentet hos Askur &amp; Embla \u00e4r best\u00e4llningsvaror som det tar ca 6 veckor att f\u00e5 fram. Produkterna b\u00f6rjar tillverkas f\u00f6rst d\u00e5 din order har n\u00e5tt fabriken. S\u00e5lunda \u00e4r s\u00e4rskilt madrasserna specialtillverkade f\u00f6r dig och inget tillverkas i on\u00f6dan!<\/p>\n<p><strong>Priser<br \/>\n<\/strong>De priser som anges \u00e4r inklusive moms i euro. Det pris som \u00e4r angivet vid din best\u00e4llning \u00e4r ditt g\u00e4llande pris. Vi f\u00f6rbeh\u00e5ller oss r\u00e4tten att \u00e4ndra priser n\u00e4r som helst.<\/p>\n<p><strong>Garantier<\/strong><br \/>\nProdukter fr\u00e5n Prolana har tv\u00e5 \u00e5rs fabriksgaranti. Spara kvittot som k\u00f6pebevis.<br \/>\nS\u00e4ngramar levereras demonterade i platta paket. Montering ing\u00e5r ej i priset f\u00f6r n\u00e5gon produkt.<\/p>\n<p><strong>Betalning<br \/>\n<\/strong>Betalning sker genom n\u00e5got av nedanst\u00e5ende tv\u00e5 alternativ:<\/p>\n<p>1. Full betalning med kort &#8211; VISA, MasterCard och Eurocard<\/p>\n<p>2. F\u00f6r leveranser inom \u00c5land skickas faktura f\u00f6r hela best\u00e4llningen tillsammans med leveransen. Utanf\u00f6r \u00c5land kan fakturering ske genom att 1\/3 av k\u00f6pebeloppet erl\u00e4ggs som handpenning d\u00e5 ordern l\u00e4ggs och \u00e5terstoden av k\u00f6peskillingen faktureras i samband med leverans.<\/p>\n<p>3.\u00a0<span style=\"color: #3e454c;\"> F\u00f6rskottsbetalning. Hela summan l\u00e4ggs in p\u00e5 konto FI21 66010001063478. SWIFT: AABAGI22. Skriv produktens namn i meddelanderaden. D\u00e5 Askur &amp; Embla f\u00e5tt betalningen skickar vi en orderbekr\u00e4ftelse.<\/span><\/p>\n<p>Efter att du lagt din order h\u00e4r i n\u00e4tbutiken f\u00e5r du en orderbekr\u00e4ftelse. Anv\u00e4nd dess nummer och ditt namn i kontakter med oss om din best\u00e4llning.<\/p>\n<p><strong>Leverans<\/strong><\/p>\n<p>Askur &amp; Emblas grossist i Sverige har avtal med DHL om frakten fr\u00e5n Tyskland till Sverige. Askur &amp; Embla anlitar det f\u00f6rm\u00e5nligaste alternativet f\u00f6r frakten till \u00c5land. Det kan ske f\u00f6rseningar b\u00e5de hos oss och hos fraktbolaget. <span style=\"text-decoration: underline;\">Observera att den absoluta merparten av sortimentet h\u00e4r \u00e4r best\u00e4llingsvaror med produktionstid p\u00e5 6-8 veckor.<br \/>\n<\/span><\/p>\n<p><span style=\"color: #3e454c;\">Varor fr\u00e5n Hevea baby som finns i lager levereras fraktfritt inom \u00c5land inom 2-5 dagar.<\/span><\/p>\n<p>Vi kan ibland \u00e5teranv\u00e4nda emballage och f\u00f6rpackningsmaterial av milj\u00f6h\u00e4nsyn. Bli d\u00e4rf\u00f6r inte f\u00f6rv\u00e5nad om du ser ett fr\u00e4mmande tryck p\u00e5 kartongen eller om den ser begagnad ut. Inneh\u00e5llet \u00e4r alltid fr\u00e4scht.<\/p>\n<p><strong>Leveranskostnader till \u00c5land<br \/>\n<\/strong><\/p>\n<p>Sovrumsprodukter som inte finns p\u00e5 lager p\u00e5 \u00c5land best\u00e4lls hem fr\u00e5n Sverige. Askur &amp; Embla r\u00e4knar ut frakten p\u00e5 basen av best\u00e4llningens uppskattade vikt enligt f\u00f6ljande viktklasser:<\/p>\n<p>Leveranser till \u00c5land.<\/p>\n<p>0-4 kg : 14\u20ac inkl. moms<\/p>\n<p>5+ kg: 37,2\u20ac inkl. moms<\/p>\n<p>Leveranser utanf\u00f6r \u00c5land<\/p>\n<p>0-0,5 kg : 3,7\u20ac inkl. moms<\/p>\n<p>0,5-2 kg: 7,5\u20ac inkl. moms<\/p>\n<p>2-4 kg: 17,30\u20ac inkl. moms.<\/p>\n<p>4+ kg: 37,2\u20ac inkl. moms.<\/p>\n<p><strong><span class=\"st\">Fraktfritt p\u00e5 alla best\u00e4llningar \u00f6ver 300\u20ac<\/span><\/strong><\/p>\n<p>F\u00f6r att g\u00f6ra frakten s\u00e5 f\u00f6rm\u00e5nlig f\u00f6r kunden som m\u00f6jligt str\u00e4var Askur &amp; Embla till att g\u00f6ra stora best\u00e4llningar fr\u00e5n flera kunder samtidigt. Meddela oss om du \u00f6nskar att vi inte samlar din best\u00e4llning med andra (t.ex. om det \u00e4r br\u00e5ttom att f\u00e5 varan).<strong><br \/>\n<\/strong><\/p>\n<p>OBS! Kontakta oss f\u00f6r fraktpriser till andra l\u00e4nder (Sverige och Finland)\u00a0d\u00e5 dessa inte f\u00f6ljer ovanst\u00e5ende priser.<\/p>\n<p><strong>Returer och \u00e5ngrat k\u00f6p <\/strong><br \/>\nDu har full r\u00e4tt inom 14 dagar efter leverans att returnera varor som inte uppfyller dina f\u00f6rv\u00e4ntningar, f\u00f6rutsatt att varan \u00e4r i nyskick och att du har kvar orginalemballaget. Om du vill \u00e5ngra ett k\u00f6p kontaktar du oss p\u00e5<strong> info[at]askurochembla.ax,<\/strong> via <strong>telefon 018 16929<\/strong> eller med brev f\u00f6r att komma \u00f6verens om returen. Vid \u00e5ngrat k\u00f6p st\u00e5r du sj\u00e4lv f\u00f6r returkostnaden. Vi \u00e5terbetalar varan inom 30 dagar fr\u00e5n det att den anl\u00e4nt till oss, granskats och godk\u00e4nts enligt ovan.<\/p>\n<p>Produkter i specialutf\u00f6rande kan inte returneras, ej heller b\u00e4ddprodukter d\u00e5 de r\u00e4knas som hygienvaror. Alla m\u00e5ttbest\u00e4llda produkter, t.ex.\u00a0 madrasser f\u00f6r vuxna \u00e4r undantagna returr\u00e4tt d\u00e5 de tillverkas speciellt f\u00f6r kund.<strong><br \/>\n<\/strong><\/p>\n<p><strong> Reklamationer<\/strong><\/p>\n<p>Synliga skador eller saknat gods skall anm\u00e4las direkt p\u00e5 fraktsedeln, f\u00f6re underskrift. Dolda skador skall anm\u00e4las till Askur &amp; Embla inom 7 dagar.<\/p>\n","protected":false},"excerpt":{"rendered":"<p>Allm\u00e4nt Merparten av inredningssortimentet hos Askur &amp; Embla \u00e4r best\u00e4llningsvaror som det tar ca 6 veckor att f\u00e5 fram. Produkterna b\u00f6rjar tillverkas f\u00f6rst d\u00e5 din order har n\u00e5tt fabriken. S\u00e5lunda \u00e4r s\u00e4rskilt madrasserna specialtillverkade f\u00f6r dig och inget tillverkas i on\u00f6dan! Priser De priser som anges \u00e4r inklusive moms i euro. Det pris som \u00e4r [&hellip;]<\/p>\n","protected":false},"author":1,"featured_media":0,"parent":0,"menu_order":0,"comment_status":"closed","ping_status":"closed","template":"","meta":{"footnotes":""},"class_list":["post-931","page","type-page","status-publish","hentry"],"_links":{"self":[{"href":"https:\/\/www.askurochembla.ax\/index.php?rest_route=\/wp\/v2\/pages\/931","targetHints":{"allow":["GET"]}}],"collection":[{"href":"https:\/\/www.askurochembla.ax\/index.php?rest_route=\/wp\/v2\/pages"}],"about":[{"href":"https:\/\/www.askurochembla.ax\/index.php?rest_route=\/wp\/v2\/types\/page"}],"author":[{"embeddable":true,"href":"https:\/\/www.askurochembla.ax\/index.php?rest_route=\/wp\/v2\/users\/1"}],"replies":[{"embeddable":true,"href":"https:\/\/www.askurochembla.ax\/index.php?rest_route=%2Fwp%2Fv2%2Fcomments&post=931"}],"version-history":[{"count":18,"href":"https:\/\/www.askurochembla.ax\/index.php?rest_route=\/wp\/v2\/pages\/931\/revisions"}],"predecessor-version":[{"id":2208,"href":"https:\/\/www.askurochembla.ax\/index.php?rest_route=\/wp\/v2\/pages\/931\/revisions\/2208"}],"wp:attachment":[{"href":"https:\/\/www.askurochembla.ax\/index.php?rest_route=%2Fwp%2Fv2%2Fmedia&parent=931"}],"curies":[{"name":"wp","href":"https:\/\/api.w.org\/{rel}","templated":true}]}}